{"id":5788,"date":"2026-01-19T15:11:26","date_gmt":"2026-01-19T14:11:26","guid":{"rendered":"https:\/\/sciences-medias.fr\/blogs\/?post_type=tribe_events&#038;p=5788"},"modified":"2026-01-19T15:12:33","modified_gmt":"2026-01-19T14:12:33","slug":"journee-portes-ouvertes-2026","status":"publish","type":"tribe_events","link":"https:\/\/sciences-medias.fr\/blogs\/event\/journee-portes-ouvertes-2026\/","title":{"rendered":"Journ\u00e9e Portes ouvertes 2026"},"content":{"rendered":"<p>Pour le parcours en alternance <strong>Audiovisuel, journalisme et communication scientifiques<\/strong><\/p>\n<p>Samedi 7 f\u00e9vrier 2026<\/p>\n<ul>\n<li>\u00c0 l&rsquo;universit\u00e9 de 10h \u00e0 12h : \u00e9changes avec les \u00e9quipes p\u00e9dagogiques<br \/>\n\u2192 6e \u00e9tage \u2013 Aile C<br \/>\nB\u00e2timent des Grands Moulins<br \/>\nEsplanade P. Vidal-Naquet 75013 Paris<\/li>\n<li>A distance \u00e0 10h30 :\u00a0pr\u00e9sentation g\u00e9n\u00e9rale<br \/>\n<a href=\"https:\/\/u-paris.zoom.us\/j\/89752465068?pwd=GLkARTzk9P76KK0z3wibh7oPMhMYCy.1\" target=\"_blank\" rel=\"noopener\">\u2192 Lien Zoom<\/a><\/li>\n<\/ul>\n","protected":false},"excerpt":{"rendered":"<p>Pour le parcours en alternance Audiovisuel, journalisme et communication scientifiques Samedi 7 f\u00e9vrier 2026 \u00c0 l&rsquo;universit\u00e9 de 10h \u00e0 12h : \u00e9changes avec les \u00e9quipes p\u00e9dagogiques \u2192 6e \u00e9tage \u2013 Aile C B\u00e2timent des Grands Moulins Esplanade P. Vidal-Naquet 75013 Paris A distance \u00e0 10h30 :\u00a0pr\u00e9sentation g\u00e9n\u00e9rale \u2192 Lien Zoom<\/p>\n","protected":false},"author":97,"featured_media":0,"template":"","meta":{"_tribe_events_status":"","_tribe_events_status_reason":"","footnotes":""},"tags":[],"tribe_events_cat":[119],"class_list":["post-5788","tribe_events","type-tribe_events","status-publish","hentry","tribe_events_cat-divers","cat_divers","column","onecol"],"_links":{"self":[{"href":"https:\/\/sciences-medias.fr\/blogs\/wp-json\/wp\/v2\/tribe_events\/5788","targetHints":{"allow":["GET"]}}],"collection":[{"href":"https:\/\/sciences-medias.fr\/blogs\/wp-json\/wp\/v2\/tribe_events"}],"about":[{"href":"https:\/\/sciences-medias.fr\/blogs\/wp-json\/wp\/v2\/types\/tribe_events"}],"author":[{"embeddable":true,"href":"https:\/\/sciences-medias.fr\/blogs\/wp-json\/wp\/v2\/users\/97"}],"version-history":[{"count":2,"href":"https:\/\/sciences-medias.fr\/blogs\/wp-json\/wp\/v2\/tribe_events\/5788\/revisions"}],"predecessor-version":[{"id":5791,"href":"https:\/\/sciences-medias.fr\/blogs\/wp-json\/wp\/v2\/tribe_events\/5788\/revisions\/5791"}],"wp:attachment":[{"href":"https:\/\/sciences-medias.fr\/blogs\/wp-json\/wp\/v2\/media?parent=5788"}],"wp:term":[{"taxonomy":"post_tag","embeddable":true,"href":"https:\/\/sciences-medias.fr\/blogs\/wp-json\/wp\/v2\/tags?post=5788"},{"taxonomy":"tribe_events_cat","embeddable":true,"href":"https:\/\/sciences-medias.fr\/blogs\/wp-json\/wp\/v2\/tribe_events_cat?post=5788"}],"curies":[{"name":"wp","href":"https:\/\/api.w.org\/{rel}","templated":true}]}}