{"id":5581,"date":"2025-06-17T13:34:40","date_gmt":"2025-06-17T11:34:40","guid":{"rendered":"https:\/\/sciences-medias.fr\/blogs\/?post_type=tribe_events&#038;p=5581"},"modified":"2025-06-17T13:38:12","modified_gmt":"2025-06-17T11:38:12","slug":"24e-congres-de-la-sfsic","status":"publish","type":"tribe_events","link":"https:\/\/sciences-medias.fr\/blogs\/event\/24e-congres-de-la-sfsic\/","title":{"rendered":"24e congr\u00e8s de la SFSIC"},"content":{"rendered":"<p><img loading=\"lazy\" decoding=\"async\" class=\"alignleft size-full wp-image-5582\" src=\"https:\/\/sciences-medias.fr\/blogs\/wp-content\/uploads\/2025\/06\/logo-sfsic-160x160-1.png\" alt=\"\" width=\"160\" height=\"160\" srcset=\"https:\/\/sciences-medias.fr\/blogs\/wp-content\/uploads\/2025\/06\/logo-sfsic-160x160-1.png 160w, https:\/\/sciences-medias.fr\/blogs\/wp-content\/uploads\/2025\/06\/logo-sfsic-160x160-1-150x150.png 150w\" sizes=\"auto, (max-width: 160px) 100vw, 160px\" \/><a href=\"https:\/\/sciences-medias.fr\/blogs\/equipe\/elsa-poupardin\/\" target=\"_blank\" rel=\"noopener\">Elsa Poupardin<\/a>\u00a0et\u00a0<a href=\"https:\/\/sciences-medias.fr\/blogs\/equipe\/nicolas-brard\/\" target=\"_blank\" rel=\"noopener\">Nicolas Brard<\/a> interviendront au 24<sup>e<\/sup> congr\u00e8s de la Soci\u00e9t\u00e9 fran\u00e7aise des sciences de l\u2019information et de la communication (SFSIC) qui se tient \u00e0 Rennes du 18 au 20 juin 2025 (<a href=\"https:\/\/www.sfsic.org\/evenements-sfsic\/congres-sfsic\/\" target=\"_blank\" rel=\"noopener\">https:\/\/www.sfsic.org\/evenements-sfsic\/congres-sfsic\/<\/a>)<br \/>\nIls pr\u00e9senteront une communication intitul\u00e9e <b>\u00ab Le \u00ab\u00a0communicant scientifique\u00a0\u00bb&nbsp;: un Janus dans les universit\u00e9s fran\u00e7aises\u00a0\u00bb,\u00a0<\/b>qui explore l\u2019\u00e9volution du r\u00f4le des communicants scientifiques dans les universit\u00e9s fran\u00e7aises, devant composer avec des attentes croissantes, mais souvent ambigu\u00ebs en mati\u00e8re de diffusion des savoirs. Au travers d\u2019entretiens avec des professionnels, ils analysent les tensions dans ces m\u00e9tiers, leurs \u00e9volutions organisationnelles et relationnelles avec les chercheurs, r\u00e9v\u00e9lant un flou dans les missions et une recherche de l\u00e9gitimit\u00e9 au sein de leur institution.<br \/>\nRetrouvez le programme complet ici&nbsp;:\u00a0<a href=\"https:\/\/www.sfsic.org\/wp-inside\/uploads\/2025\/06\/programme-congres-sfsic-rennes-s025-v2.3.pdf\" target=\"_blank\" rel=\"noopener noreferrer\">https:\/\/www.sfsic.org\/wp-inside\/uploads\/2025\/06\/programme-congres-sfsic-rennes-s025-v2.3.pdf<\/a><\/p>\n","protected":false},"excerpt":{"rendered":"<p>Elsa Poupardin\u00a0et\u00a0Nicolas Brard interviendront au 24e congr\u00e8s de la Soci\u00e9t\u00e9 fran\u00e7aise des sciences de l\u2019information et de la communication (SFSIC) qui se tient \u00e0 Rennes du 18 au 20 juin 2025 (https:\/\/www.sfsic.org\/evenements-sfsic\/congres-sfsic\/) Ils pr\u00e9senteront une communication intitul\u00e9e \u00ab Le \u00ab\u00a0communicant scientifique\u00a0\u00bb&nbsp;: un Janus dans les universit\u00e9s fran\u00e7aises\u00a0\u00bb,\u00a0qui explore l\u2019\u00e9volution du &#8230;<\/p>\n","protected":false},"author":97,"featured_media":0,"template":"","meta":{"_tribe_events_status":"","_tribe_events_status_reason":"","footnotes":""},"tags":[],"tribe_events_cat":[103],"class_list":["post-5581","tribe_events","type-tribe_events","status-publish","hentry","tribe_events_cat-congres","cat_congres","column","onecol"],"_links":{"self":[{"href":"https:\/\/sciences-medias.fr\/blogs\/wp-json\/wp\/v2\/tribe_events\/5581","targetHints":{"allow":["GET"]}}],"collection":[{"href":"https:\/\/sciences-medias.fr\/blogs\/wp-json\/wp\/v2\/tribe_events"}],"about":[{"href":"https:\/\/sciences-medias.fr\/blogs\/wp-json\/wp\/v2\/types\/tribe_events"}],"author":[{"embeddable":true,"href":"https:\/\/sciences-medias.fr\/blogs\/wp-json\/wp\/v2\/users\/97"}],"version-history":[{"count":4,"href":"https:\/\/sciences-medias.fr\/blogs\/wp-json\/wp\/v2\/tribe_events\/5581\/revisions"}],"predecessor-version":[{"id":5586,"href":"https:\/\/sciences-medias.fr\/blogs\/wp-json\/wp\/v2\/tribe_events\/5581\/revisions\/5586"}],"wp:attachment":[{"href":"https:\/\/sciences-medias.fr\/blogs\/wp-json\/wp\/v2\/media?parent=5581"}],"wp:term":[{"taxonomy":"post_tag","embeddable":true,"href":"https:\/\/sciences-medias.fr\/blogs\/wp-json\/wp\/v2\/tags?post=5581"},{"taxonomy":"tribe_events_cat","embeddable":true,"href":"https:\/\/sciences-medias.fr\/blogs\/wp-json\/wp\/v2\/tribe_events_cat?post=5581"}],"curies":[{"name":"wp","href":"https:\/\/api.w.org\/{rel}","templated":true}]}}