{"id":5569,"date":"2025-05-22T10:44:05","date_gmt":"2025-05-22T08:44:05","guid":{"rendered":"https:\/\/sciences-medias.fr\/blogs\/?post_type=tribe_events&#038;p=5569"},"modified":"2025-05-26T10:55:03","modified_gmt":"2025-05-26T08:55:03","slug":"pcst-network-aberdeen-2025","status":"publish","type":"tribe_events","link":"https:\/\/sciences-medias.fr\/blogs\/event\/pcst-network-aberdeen-2025\/","title":{"rendered":"PCST Network Aberdeen 2025"},"content":{"rendered":"<p><img loading=\"lazy\" decoding=\"async\" class=\"alignleft size-full wp-image-5570\" src=\"https:\/\/sciences-medias.fr\/blogs\/wp-content\/uploads\/2025\/05\/pcst_logo_trans.png\" alt=\"\" width=\"156\" height=\"176\" srcset=\"https:\/\/sciences-medias.fr\/blogs\/wp-content\/uploads\/2025\/05\/pcst_logo_trans.png 156w, https:\/\/sciences-medias.fr\/blogs\/wp-content\/uploads\/2025\/05\/pcst_logo_trans-133x150.png 133w\" sizes=\"auto, (max-width: 156px) 100vw, 156px\" \/><a href=\"https:\/\/sciences-medias.fr\/blogs\/equipe\/elsa-poupardin\/\">Elsa Poupardin<\/a> et <a href=\"https:\/\/sciences-medias.fr\/blogs\/equipe\/nicolas-brard\/\">Nicolas Brard<\/a> interviendront \u00e0 la 18<sup>e<\/sup>\u00a0conf\u00e9rence du Network for the Public Communication of Science and Technology (PCST Network)\u00a0qui se tient \u00e0 Aberdeen du 27 au 29\u00a0mai 2025 (<a href=\"https:\/\/www.abdn.ac.uk\/events\/conferences\/pcst-2025\">https:\/\/www.abdn.ac.uk\/events\/conferences\/pcst-2025<\/a>).<\/p>\n<p><a href=\"https:\/\/sciences-medias.fr\/blogs\/equipe\/nicolas-brard\/\">Nicolas Brard<\/a> pr\u00e9sentera une communication intitul\u00e9e <strong><em>\u00ab Public engagement around controversial research: the case of non-human primates \u00bb<\/em><\/strong>, consacr\u00e9e aux enjeux sp\u00e9cifiques de la communication scientifique autour de la recherche sur les primates non humains. \u00c0 partir d\u2019entretiens avec des chercheurs en neurosciences cognitives, il analyse les freins \u00e0 leur engagement public, entre r\u00e9ticences individuelles, attentes institutionnelles et perception souvent critique de ces pratiques par le grand public.<\/p>\n<p><a href=\"https:\/\/sciences-medias.fr\/blogs\/equipe\/elsa-poupardin\/\">Elsa Poupardin<\/a> interviendra dans une session parall\u00e8le qu\u2019elle co-organise, intitul\u00e9e <strong><em>\u00ab\u00a0Reviewing science communication\u00a0: 25 years of transitions, traditions and tensions\u00a0\u00bb<\/em><\/strong>, aux c\u00f4t\u00e9s de Brian Trench (Irlande), Gema Revuelta (Espagne), Richard Holliman (UK) et Ana Godinho (suisse), sous la mod\u00e9ration de Joan Leach (Australie). Cette table ronde r\u00e9unit des chercheurs ayant particip\u00e9 aux projets europ\u00e9ens ENSCOT, ESCW et ESConet, qui ont marqu\u00e9 l\u2019enseignement de la communication scientifique au niveau europ\u00e9en depuis la fin des ann\u00e9es\u00a01990. Les intervenants reviendront sur les grandes \u00e9volutions de ces 25\u00a0derni\u00e8res ann\u00e9es, en abordant notamment les effets du tournant num\u00e9rique, les appels \u00e0 plus de transparence dans la recherche (Elsa Poupardin), l\u2019ancrage du dialogue avec le public, l\u2019\u00e9mergence de nouveaux m\u00e9tiers comme les <em>knowledge brokers<\/em>, et les enjeux contemporains d\u2019inclusion et de diversit\u00e9.<br \/>\nLes r\u00e9sum\u00e9s sont consultables ici\u00a0:\u00a0<a href=\"https:\/\/www.abdn.ac.uk\/media\/site\/events\/cpd-amp-event-services\/pcst\/PCST-2025-Aberdeen-Abstract-Booklet-FINAL.pdf\">https:\/\/www.abdn.ac.uk\/media\/site\/events\/cpd-amp-event-services\/pcst\/PCST-2025-Aberdeen-Abstract-Booklet-FINAL.pdf<\/a><\/p>\n","protected":false},"excerpt":{"rendered":"<p>Elsa Poupardin et Nicolas Brard interviendront \u00e0 la 18e\u00a0conf\u00e9rence du Network for the Public Communication of Science and Technology (PCST Network)\u00a0qui se tient \u00e0 Aberdeen du 27 au 29\u00a0mai 2025 (https:\/\/www.abdn.ac.uk\/events\/conferences\/pcst-2025). Nicolas Brard pr\u00e9sentera une communication intitul\u00e9e \u00ab Public engagement around controversial research: the case of non-human primates \u00bb, consacr\u00e9e &#8230;<\/p>\n","protected":false},"author":97,"featured_media":0,"template":"","meta":{"_tribe_events_status":"","_tribe_events_status_reason":"","footnotes":""},"tags":[],"tribe_events_cat":[112],"class_list":["post-5569","tribe_events","type-tribe_events","status-publish","hentry","tribe_events_cat-colloques","cat_colloques","column","onecol"],"_links":{"self":[{"href":"https:\/\/sciences-medias.fr\/blogs\/wp-json\/wp\/v2\/tribe_events\/5569","targetHints":{"allow":["GET"]}}],"collection":[{"href":"https:\/\/sciences-medias.fr\/blogs\/wp-json\/wp\/v2\/tribe_events"}],"about":[{"href":"https:\/\/sciences-medias.fr\/blogs\/wp-json\/wp\/v2\/types\/tribe_events"}],"author":[{"embeddable":true,"href":"https:\/\/sciences-medias.fr\/blogs\/wp-json\/wp\/v2\/users\/97"}],"version-history":[{"count":1,"href":"https:\/\/sciences-medias.fr\/blogs\/wp-json\/wp\/v2\/tribe_events\/5569\/revisions"}],"predecessor-version":[{"id":5572,"href":"https:\/\/sciences-medias.fr\/blogs\/wp-json\/wp\/v2\/tribe_events\/5569\/revisions\/5572"}],"wp:attachment":[{"href":"https:\/\/sciences-medias.fr\/blogs\/wp-json\/wp\/v2\/media?parent=5569"}],"wp:term":[{"taxonomy":"post_tag","embeddable":true,"href":"https:\/\/sciences-medias.fr\/blogs\/wp-json\/wp\/v2\/tags?post=5569"},{"taxonomy":"tribe_events_cat","embeddable":true,"href":"https:\/\/sciences-medias.fr\/blogs\/wp-json\/wp\/v2\/tribe_events_cat?post=5569"}],"curies":[{"name":"wp","href":"https:\/\/api.w.org\/{rel}","templated":true}]}}