{"id":4865,"date":"2023-02-20T16:51:21","date_gmt":"2023-02-20T15:51:21","guid":{"rendered":"https:\/\/sciences-medias.fr\/blogs\/?post_type=tribe_events&#038;p=4865"},"modified":"2023-03-14T13:53:56","modified_gmt":"2023-03-14T12:53:56","slug":"soutenance-de-these-de-nicolas-brard","status":"publish","type":"tribe_events","link":"https:\/\/sciences-medias.fr\/blogs\/event\/soutenance-de-these-de-nicolas-brard\/","title":{"rendered":"Soutenance de th\u00e8se de Nicolas Brard"},"content":{"rendered":"<p>Ancien \u00e9tudiant de notre master, Nicolas Brard a brillamment soutenu sa th\u00e8se le 13 mars 2023 \u00e0 l&rsquo;universit\u00e9 Paris 1 Panth\u00e9on-Sorbonne.<br \/>\n<strong><i>Corporatisme et soci\u00e9t\u00e9 : une histoire de la presse psychiatrique fran\u00e7aise (1843-1918)<\/i><\/strong><\/p>\n<p>Composition du jury : Fr\u00e9d\u00e9ric Chauvaud, Emmanuelle Cronier, Didier Nourrisson, <a href=\"https:\/\/sciences-medias.fr\/blogs\/equipe\/frederic-tournier\/\">Fr\u00e9d\u00e9ric Tournier<\/a>, Myriam Tsikounas<\/p>\n<p>R\u00e9sum\u00e9 :<!--more--><br \/>\nLa psychiatrie \u00e9merge en France en tant que sp\u00e9cialit\u00e9 m\u00e9dicale \u00e0 l\u2019aube du XIXe si\u00e8cle sous l\u2019impulsion d\u2019\u00e9minents m\u00e9decins comme Jean-\u00c9tienne Esquirol et Philippe Pinel. Sa reconnaissance par les institutions est tardive puisqu\u2019il faut attendre 1879 pour que soit cr\u00e9\u00e9e la premi\u00e8re chaire de m\u00e9decine mentale \u00e0 la Facult\u00e9 de m\u00e9decine de Paris. Pourtant, tout au long du si\u00e8cle, les ali\u00e9nistes ont cherch\u00e9, en construisant leur corporation, \u00e0 se positionner comme des acteurs incontournables de la soci\u00e9t\u00e9. La loi du 30 juin 1838 dite \u00ab des ali\u00e9n\u00e9s \u00bb, qui institutionnalise la cr\u00e9ation et l\u2019organisation des asiles \u00e0 l\u2019\u00e9chelle d\u00e9partementale est un premier pas dans cette affirmation. Cinq ans plus tard naissent les <i>Annales m\u00e9dico-psychologiques<\/i>, premi\u00e8re revue au monde d\u00e9di\u00e9e \u00e0 la m\u00e9decine mentale et d\u00e9but de l\u2019histoire m\u00e9diatique de la psychiatrie. Avec l\u2019importance croissante que prend cette discipline, ces publications se multiplient. Parmi les enjeux qu\u2019elles v\u00e9hiculent, la description et la classification nouvelles des pathologies mentales occupent la place centrale, mais les sujets trait\u00e9s par les contributeurs de ces journaux d\u00e9passent largement ces questions purement m\u00e9dicales. En s\u2019adossant aux soci\u00e9t\u00e9s savantes et en s\u2019attachant \u00e0 retranscrire les d\u00e9bats en cours dans le monde ali\u00e9niste, ils participent \u00e0 la construction d\u2019une sp\u00e9cialit\u00e9, qui s\u2019organise de l\u2019int\u00e9rieur entre ali\u00e9nistes et, \u00e0 l\u2019ext\u00e9rieur, en r\u00e9action contre d\u2019autres corps professionnels ou courants de pens\u00e9e. C\u2019est aussi la volont\u00e9 de s\u2019attaquer aux probl\u00e8mes publics qui transpara\u00eet dans ces revues, de l\u2019alcoolisme \u00e0 l\u2019arm\u00e9e en passant par la justice et la l\u00e9gislation. Ainsi, cette presse peut-elle exister comme un support des enjeux soci\u00e9taux auxquels la psychiatrie entend r\u00e9pondre. Cette \u00e9tude d\u00e9bute en 1843 et s\u2019\u00e9tend jusqu\u2019\u00e0 la Grande Guerre, qui repr\u00e9sente une rupture pour la m\u00e9decine mentale, \u00e0 la fois par les cons\u00e9quences psychiques de ce conflit sanglant sur la population et les soldats, et dans sa conception m\u00eame, marqu\u00e9e par le passage de l\u2019ali\u00e9nisme du XIXe si\u00e8cle \u00e0 la psychiatrie du XXe si\u00e8cle.<\/p>\n","protected":false},"excerpt":{"rendered":"<p>Ancien \u00e9tudiant de notre master, Nicolas Brard a brillamment soutenu sa th\u00e8se le 13 mars 2023 \u00e0 l&rsquo;universit\u00e9 Paris 1 Panth\u00e9on-Sorbonne. Corporatisme et soci\u00e9t\u00e9 : une histoire de la presse psychiatrique fran\u00e7aise (1843-1918) Composition du jury : Fr\u00e9d\u00e9ric Chauvaud, Emmanuelle Cronier, Didier Nourrisson, Fr\u00e9d\u00e9ric Tournier, Myriam Tsikounas R\u00e9sum\u00e9 :<\/p>\n","protected":false},"author":97,"featured_media":0,"template":"","meta":{"_tribe_events_status":"","_tribe_events_status_reason":"","footnotes":""},"tags":[],"tribe_events_cat":[114],"class_list":["post-4865","tribe_events","type-tribe_events","status-publish","hentry","tribe_events_cat-soutenances","cat_soutenances","column","onecol"],"_links":{"self":[{"href":"https:\/\/sciences-medias.fr\/blogs\/wp-json\/wp\/v2\/tribe_events\/4865","targetHints":{"allow":["GET"]}}],"collection":[{"href":"https:\/\/sciences-medias.fr\/blogs\/wp-json\/wp\/v2\/tribe_events"}],"about":[{"href":"https:\/\/sciences-medias.fr\/blogs\/wp-json\/wp\/v2\/types\/tribe_events"}],"author":[{"embeddable":true,"href":"https:\/\/sciences-medias.fr\/blogs\/wp-json\/wp\/v2\/users\/97"}],"version-history":[{"count":6,"href":"https:\/\/sciences-medias.fr\/blogs\/wp-json\/wp\/v2\/tribe_events\/4865\/revisions"}],"predecessor-version":[{"id":4887,"href":"https:\/\/sciences-medias.fr\/blogs\/wp-json\/wp\/v2\/tribe_events\/4865\/revisions\/4887"}],"wp:attachment":[{"href":"https:\/\/sciences-medias.fr\/blogs\/wp-json\/wp\/v2\/media?parent=4865"}],"wp:term":[{"taxonomy":"post_tag","embeddable":true,"href":"https:\/\/sciences-medias.fr\/blogs\/wp-json\/wp\/v2\/tags?post=4865"},{"taxonomy":"tribe_events_cat","embeddable":true,"href":"https:\/\/sciences-medias.fr\/blogs\/wp-json\/wp\/v2\/tribe_events_cat?post=4865"}],"curies":[{"name":"wp","href":"https:\/\/api.w.org\/{rel}","templated":true}]}}