{"id":51,"date":"2012-12-03T12:32:46","date_gmt":"2012-12-03T11:32:46","guid":{"rendered":"http:\/\/sciences-medias.fr\/blogs\/?page_id=51"},"modified":"2025-11-28T09:30:16","modified_gmt":"2025-11-28T08:30:16","slug":"master","status":"publish","type":"page","link":"https:\/\/sciences-medias.fr\/blogs\/master\/","title":{"rendered":"Master Audiovisuel, journalisme et communication scientifiques"},"content":{"rendered":"<p>La formation en master 1 et master 2 <strong>\u00ab Audiovisuel, journalisme et communication scientifiques \u00bb<\/strong> est ouverte aux \u00e9tudiants qui souhaitent se former dans le domaine des relations entre sciences et soci\u00e9t\u00e9, capables de ma\u00eetriser la m\u00e9diatisation et la vulgarisation des savoirs scientifiques, d\u2019innover dans la communication scientifique, de contribuer au d\u00e9bat citoyen sur toutes les questions qui impliquent \u00e0 la fois l\u2019expertise scientifique, les choix politiques, et la pluralit\u00e9 des savoirs et des cultures.<\/p>\n<p>Il s\u2019agit de diffuser l\u2019esprit critique et l\u2019exigence de rigueur qui doivent caract\u00e9riser l\u2019offre d\u2019information scientifique et technique dans la soci\u00e9t\u00e9 contemporaine. Les espaces concern\u00e9s sont multiples\u00a0: dans les m\u00e9dias, l\u2019\u00e9dition, l\u2019audiovisuel, les expositions et les mus\u00e9es, les r\u00e9seaux, la communication professionnelle au sein des organismes de recherche.<\/p>\n<p>Le Master \u00ab Audiovisuel, journalisme et communication scientifiques \u00bb de l\u2019Universit\u00e9 Paris Cit\u00e9, cr\u00e9\u00e9 au d\u00e9but des ann\u00e9es 1980, s\u2019adresse aux \u00e9tudiants ayant une formation scientifique (L3, M1, M2 ou D) voulant s\u2019orienter vers les m\u00e9tiers de la communication et du journalisme scientifiques. Il s\u2019adresse aussi, au titre de la formation continue, \u00e0 des professionnels qui souhaitent se r\u00e9orienter vers les m\u00e9tiers du journalisme.<\/p>\n<p>La deuxi\u00e8me ann\u00e9e (M2) est organis\u00e9e autour de l\u2019<strong>apprentissage en alternance<\/strong> pour faciliter l\u2019insertion des jeunes professionnels dans les milieux du journalisme, de la culture et de la communication scientifique. De septembre \u00e0 avril, les apprentis sont en entreprise (ou institution ou association) du lundi au mercredi, et suivent deux jours de cours \u00e0 l&rsquo;universit\u00e9 jeudi et vendredi. Apr\u00e8s la fin du second semestre, les apprentis sont \u00e0 temps complet sur leur lieu d&rsquo;apprentissage. <a title=\"Le Master 2 en alternance\" href=\"https:\/\/sciences-medias.fr\/blogs\/master\/le-master-2-en-alternance\/\">Pour en savoir plus, consultez la page \u00ab\u00a0Le Master 2 en alternance\u00a0\u00bb<\/a>.<\/p>\n<p>&nbsp;<\/p>\n<h4>Une formation th\u00e9orique et pratique<\/h4>\n<p>Les \u00e9tudiants du M1 et du M2 sont initi\u00e9s \u00e0 la pratique du journalisme sur diff\u00e9rents supports (presse, \u00e9dition, radio, t\u00e9l\u00e9vision, cin\u00e9ma scientifique, internet), \u00e0 la communication et la m\u00e9diation scientifiques ainsi qu\u2019aux enjeux et aux aspects historiques, th\u00e9oriques et pratiques de la production et de la diffusion des savoirs.<\/p>\n<p>L&rsquo;ann\u00e9e de M1 est essentiellement d\u00e9di\u00e9e \u00e0 une initiation \u00e0 l\u2019\u00e9criture journalistique et aux techniques multim\u00e9dia (radio, audiovisuel, internet), par la r\u00e9alisation de projets individuels et en \u00e9quipe. D\u00e8s la rentr\u00e9e, les \u00e9tudiants de M1 sont confront\u00e9s pendant dix jours \u00e0 plusieurs th\u00e9matiques li\u00e9es \u00e0 la formation : rencontre avec des chercheurs, des professionnels du journalisme, de la communication et de la m\u00e9diation scientifiques et des coaches (voix, posture, prise de parole&#8230;). Des enseignements de journalisme, anglais, histoire des m\u00e9dias et \u00e9tudes de sciences fournissent des \u00e9l\u00e9ments essentiels de la formation.<\/p>\n<p>En M2, les cours sont consacr\u00e9s \u00e0 l&rsquo;\u00e9tude des rapports entre les producteurs de savoirs et les m\u00e9dias, ainsi qu&rsquo;aux mutations du champ m\u00e9diatique. Les s\u00e9ances pratiques deviennent plus sp\u00e9cialis\u00e9es (publication collective, r\u00e9alisation audiovisuelle, radiophonique) et plus proches des conditions r\u00e9elles d&rsquo;exercice du journalisme.<\/p>\n<p>Le dernier semestre (S4) comporte quelques cours de sp\u00e9cialisation, et est largement d\u00e9di\u00e9 \u00e0 la r\u00e9daction d&rsquo;un m\u00e9moire qui donne lieu \u00e0 soutenance \u00e0 la fin du mois de juin.<\/p>\n<p>&nbsp;<\/p>\n<h4>\u00c0 quoi pr\u00e9parons-nous\u00a0?<\/h4>\n<p>Le master Audiovisuel, journalisme et communication scientifiques offre un \u00e9ventail assez large de d\u00e9bouch\u00e9s dans tous les m\u00e9tiers associ\u00e9s \u00e0 la circulation m\u00e9diatique des savoirs scientifiques : presse sp\u00e9cialis\u00e9e et quotidienne, radio, t\u00e9l\u00e9vision, documentaire scientifique, revues en ligne, services de presse ou de communication d\u2019organismes de recherche, m\u00e9diation et mus\u00e9ologie, entreprises.<\/p>\n<p>&nbsp;<\/p>\n<h4>Encadrement<\/h4>\n<p>L&rsquo;effectif r\u00e9duit (une quinzaine d&rsquo;\u00e9tudiants par promotion) permet un suivi individuel, et vise \u00e0 augmenter les chances de placement des \u00e9tudiants dipl\u00f4m\u00e9s. Les cours pratiques sont le cadre d&rsquo;un accompagnement personnel des productions \u00e9crites et audiovisuelles, et les \u00e9tudiants sont guid\u00e9s dans leur recherche de stages.<\/p>\n<p>&nbsp;<\/p>\n<h4>Direction\u00a0:<\/h4>\n<p>Responsable du parcours <em>Audiovisuel, journalisme et communication\u00a0scientifiques<\/em> : Fr\u00e9d\u00e9ric Tournier<br \/>\nResponsable de la mention de master <em>Cin\u00e9ma et audiovisuel<\/em> : Emmanuelle Andr\u00e9<\/p>\n<p style=\"text-align: right;\"><a title=\"Programme du Master 1 Journalisme scientifique\" href=\"https:\/\/sciences-medias.fr\/blogs\/master\/programme-m1\/\">Programme du Master 1 &gt;<\/a><\/p>\n<p>&nbsp;<\/p>\n","protected":false},"excerpt":{"rendered":"<p>La formation en master 1 et master 2 \u00ab Audiovisuel, journalisme et communication scientifiques \u00bb est ouverte aux \u00e9tudiants qui souhaitent se former dans le domaine des relations entre sciences et soci\u00e9t\u00e9, capables de ma\u00eetriser la m\u00e9diatisation et la vulgarisation des savoirs scientifiques, d\u2019innover dans la communication scientifique, de contribuer &#8230;<\/p>\n","protected":false},"author":97,"featured_media":0,"parent":0,"menu_order":2,"comment_status":"closed","ping_status":"closed","template":"","meta":{"footnotes":""},"class_list":["post-51","page","type-page","status-publish","hentry","column","onecol"],"_links":{"self":[{"href":"https:\/\/sciences-medias.fr\/blogs\/wp-json\/wp\/v2\/pages\/51","targetHints":{"allow":["GET"]}}],"collection":[{"href":"https:\/\/sciences-medias.fr\/blogs\/wp-json\/wp\/v2\/pages"}],"about":[{"href":"https:\/\/sciences-medias.fr\/blogs\/wp-json\/wp\/v2\/types\/page"}],"author":[{"embeddable":true,"href":"https:\/\/sciences-medias.fr\/blogs\/wp-json\/wp\/v2\/users\/97"}],"replies":[{"embeddable":true,"href":"https:\/\/sciences-medias.fr\/blogs\/wp-json\/wp\/v2\/comments?post=51"}],"version-history":[{"count":43,"href":"https:\/\/sciences-medias.fr\/blogs\/wp-json\/wp\/v2\/pages\/51\/revisions"}],"predecessor-version":[{"id":5722,"href":"https:\/\/sciences-medias.fr\/blogs\/wp-json\/wp\/v2\/pages\/51\/revisions\/5722"}],"wp:attachment":[{"href":"https:\/\/sciences-medias.fr\/blogs\/wp-json\/wp\/v2\/media?parent=51"}],"curies":[{"name":"wp","href":"https:\/\/api.w.org\/{rel}","templated":true}]}}